{"id":2252,"date":"2023-10-03T12:51:05","date_gmt":"2023-10-03T10:51:05","guid":{"rendered":"http:\/\/lyceedelessouriau.fr\/?page_id=2252"},"modified":"2025-09-05T11:03:09","modified_gmt":"2025-09-05T09:03:09","slug":"salons-orientation","status":"publish","type":"page","link":"https:\/\/lyceedelessouriau.fr\/index.php\/salons-orientation\/","title":{"rendered":"Les diff\u00e9rents salons &#8220;Orientation&#8221; en Ile-de-France et les Portes ouvertes"},"content":{"rendered":"\n<p><a href=\"http:\/\/lyceedelessouriau.fr\/index.php\/2023\/10\/03\/les-differents-salons-orientation-en-ile-de-france\/\"><\/a><\/p>\n\n\n\n<p>Comme chaque ann\u00e9e les salons de l\u2019orientation en partenariat avec l\u2019Etudiant proposent des rencontres pour pr\u00e9parer l\u2019orientation future des \u00e9l\u00e8ves. Vous trouverez ci-dessous les <strong>dates des diff\u00e9rents salons d\u2019Ile-de-France<\/strong>. <em>(L\u2019article sera mis \u00e0 jour r\u00e9guli\u00e8rement)<\/em>.<\/p>\n\n\n\n<p><em>Vous pouvez \u00e9galement consulter les <a href=\"http:\/\/padlet.com\/profsdocsessouriau\/52mnn0h6ts3amzqe\">dates des salons et des Portes ouvertes<\/a> et trouver des <a href=\"http:\/\/padlet.com\/profsdocsessouriau\/52mnn0h6ts3amzqe\">informations sur les diff\u00e9rentes \u00e9coles et \u00e9tablissements post-bac<\/a> <a href=\"http:\/\/padlet.com\/profsdocsessouriau\/52mnn0h6ts3amzqe\"><strong>ICI<\/strong><\/a><\/em>. Ce padlet<em> est r\u00e9guli\u00e8rement mis \u00e0 jour par les professeures-documentalistes et vous propose des <strong>ressources<\/strong> pour construire votre <strong>orientation<\/strong><\/em>.<\/p>\n\n\n\n<h2 class=\"wp-block-heading\" id=\"summary-item-0\">Septembre 2025<\/h2>\n\n\n\n<p><a href=\"https:\/\/salon-de-la-rentree-paris.salon.letudiant.fr\/\" target=\"_blank\" rel=\"noreferrer noopener\">Salon de la rentr\u00e9e<\/a>&nbsp;[l&#8217;Etudiant]<br>samedi 6 septembre 2025<br>NewCap Event Center &#8211; PARIS<\/p>\n\n\n\n<p><a href=\"https:\/\/www.studyrama.com\/salons\/salon-studyrama-masters-1-2-masteres-specialises-mba-250976\" target=\"_blank\" rel=\"noreferrer noopener\">Salon des Masters 1 et 2, Mast\u00e8res Sp\u00e9cialis\u00e9s &amp; MBA<\/a>&nbsp;[Studyrama]<br>samedi 6 septembre 2025<br>Cit\u00e9 internationale universitaire &#8211; PARIS<\/p>\n\n\n\n<p><a href=\"https:\/\/www.studyrama.com\/salons\/salon-studyrama-de-la-rentree-etudiante-paris-50\" target=\"_blank\" rel=\"noreferrer noopener\">Salon &#8220;O\u00f9 s\u2019inscrire encore ?&#8221;<\/a>&nbsp;[Studyrama]<br>samedi 6 septembre 2025<br>Cit\u00e9 internationale universitaire &#8211; PARIS<\/p>\n\n\n\n<p><a href=\"https:\/\/www.studyrama.com\/salons\/salon-studyrama-des-1eres-et-terminales-paris-42\" target=\"_blank\" rel=\"noreferrer noopener\">Salon 1\u00e8res Terminales<\/a>&nbsp;[Studyrama]<br>samedi 27 septembre 2025<br>Paris&nbsp;Event&nbsp;Center &#8211; PARIS<\/p>\n\n\n\n<p><a href=\"https:\/\/www.studyrama.com\/salons\/salon-acces-etudes-medicales-mmopk-medecine-maieutique-odontologie-pharmacie-kinesitherapie-paris-365956\" target=\"_blank\" rel=\"noreferrer noopener\">Salon Acc\u00e8s aux \u00c9tudes M\u00e9dicales \/ MMOPK (M\u00e9decine, Ma\u00efeutique, Odontologie, Pharmacie, Kin\u00e9sith\u00e9rapie)<\/a>&nbsp;[Studyrama]<br>samedi 27 septembre 2025<br>Paris Event Center &#8211; PARIS<\/p>\n\n\n\n<p><a href=\"https:\/\/www.studyrama.com\/salons\/salon-studyrama-des-parents-paris-227\" target=\"_blank\" rel=\"noreferrer noopener\">Salon des Parents<\/a>&nbsp;[Studyrama]<br>samedi 27 septembre 2025<br>Paris Event Center &#8211; PARIS<\/p>\n\n\n\n<p><a href=\"https:\/\/www.studyrama.com\/salons\/salon-studyrama-formations-internationales-251072\" target=\"_blank\" rel=\"noreferrer noopener\">Salon Formations Internationales<\/a>&nbsp;[Studyrama]<br>samedi 27 septembre 2025<br>Paris&nbsp;Event&nbsp;Center &#8211; PARIS<\/p>\n\n\n\n<h2 class=\"wp-block-heading\" id=\"summary-item-1\">Octobre 2025<\/h2>\n\n\n\n<p><a href=\"https:\/\/salon-sante-social-paramedical-et-sport-paris.salon.letudiant.fr\/\" target=\"_blank\" rel=\"noreferrer noopener\">Salon sant\u00e9, social, param\u00e9dical et sport<\/a>&nbsp;[l&#8217;Etudiant]<br>samedi 4 et dimanche 5 octobre 2025<br>Porte de Versailles &#8211; PARIS<\/p>\n\n\n\n<p><a href=\"https:\/\/salon-grandes-ecoles-paris.salon.letudiant.fr\/\" target=\"_blank\" rel=\"noreferrer noopener\">Salon grandes \u00e9coles<\/a>&nbsp;[l&#8217;Etudiant]<br>samedi 4 et dimanche 5 octobre 2025<br>Porte de Versailles &#8211; PARIS<\/p>\n\n\n\n<p><a href=\"https:\/\/salon-formations-et-metiers-artistiques-paris.salon.letudiant.fr\/\" target=\"_blank\" rel=\"noreferrer noopener\">Salon formations et m\u00e9tiers artistiques<\/a>&nbsp;[l&#8217;Etudiant]<br>samedi 4 et dimanche 5 octobre 2025<br>Porte de Versailles &#8211; PARIS<\/p>\n\n\n\n<p><a href=\"https:\/\/salon-etudier-a-l-etranger-paris.salon.letudiant.fr\/\" target=\"_blank\" rel=\"noreferrer noopener\">Salon \u00e9tudier \u00e0 l&#8217;\u00e9tranger<\/a>&nbsp;[l&#8217;Etudiant]<br>samedi 4 et dimanche 5 octobre 2025<br>Porte de Versailles &#8211; PARIS<\/p>\n\n\n\n<p><a href=\"https:\/\/post-bac-paris.salon.etudiant.lefigaro.fr\/\" target=\"_blank\" rel=\"noreferrer noopener\">Salon Post Bac<\/a>&nbsp;[Le Figaro \u00e9tudiant]<br>samedi 11 et dimanche 12 octobre 2025<br>Espace Champerret &#8211; PARIS<\/p>\n\n\n\n<p><a href=\"https:\/\/www.forumhorizonchimie.com\/\" target=\"_blank\" rel=\"noreferrer noopener\">Forum Horizon Chimie<\/a><br>lundi 13 octobre 2025<br>Maison de la Chimie &#8211; PARIS<\/p>\n\n\n\n<p><a href=\"https:\/\/salon-tourisme-hotellerie-restauration-paris.salon.letudiant.fr\/\" target=\"_blank\" rel=\"noreferrer noopener\">Salon tourisme, h\u00f4tellerie et restauration<\/a>&nbsp;[l&#8217;Etudiant]<br>samedi 18 octobre 2025<br>Espace Charenton &#8211; PARIS<\/p>\n\n\n\n<p><a href=\"https:\/\/salon-metiers-du-vivant-paris.salon.letudiant.fr\/\" target=\"_blank\" rel=\"noreferrer noopener\">Salon m\u00e9tiers du vivant<\/a>&nbsp;[l&#8217;Etudiant]<br>samedi 18 octobre 2025<br>Espace&nbsp;Charenton&nbsp;&#8211; PARIS<\/p>\n\n\n\n<p><a href=\"https:\/\/salon-luxe-mode-design-paris.salon.letudiant.fr\/\" target=\"_blank\" rel=\"noreferrer noopener\">Salon luxe, mode et design<\/a>&nbsp;[l&#8217;Etudiant]<br>samedi 18 octobre 2025<br>Espace Charenton &#8211; PARIS<\/p>\n\n\n\n<h2 class=\"wp-block-heading\" id=\"summary-item-2\">Novembre 2025<\/h2>\n\n\n\n<p><a href=\"https:\/\/salon-journalisme-communication-marketing-paris.salon.letudiant.fr\/\" target=\"_blank\" rel=\"noreferrer noopener\">Salon journalisme, marketing et communication<\/a>&nbsp;[l&#8217;Etudiant]<br>samedi 8 novembre 2025<br>NewCap Event Center &#8211; PARIS<\/p>\n\n\n\n<p><a href=\"https:\/\/www.studyrama.com\/salons\/salon-studyrama-grandes-ecoles-paris-28\" target=\"_blank\" rel=\"noreferrer noopener\">Salon Grandes \u00c9coles<\/a>&nbsp;[Studyrama]<br>samedi 8 et dimanche 9 novembre 2025<br>Paris&nbsp;Event&nbsp;Center &#8211; PARIS<\/p>\n\n\n\n<p><a href=\"https:\/\/www.studyrama.com\/salons\/salon-studyrama-formations-luxe-paris-366229\" target=\"_blank\" rel=\"noreferrer noopener\">Salon des Formations du Luxe<\/a>&nbsp;[Studyrama]<br>samedi 8 et dimanche 9 novembre 2025<br>Paris Event Center &#8211; PARIS<\/p>\n\n\n\n<p><a href=\"https:\/\/www.studyrama.com\/salons\/salon-studyrama-des-formations-art-mode-et-design-26\" target=\"_blank\" rel=\"noreferrer noopener\">Salon des Formations Art, Mode et Design<\/a>&nbsp;[Studyrama]<br>samedi 15 novembre 2025<br>Paris Event Center &#8211; PARIS<\/p>\n\n\n\n<p><a href=\"https:\/\/www.studyrama.com\/salons\/salon-studyrama-des-formations-de-l-audiovisuel-et-du-170\" target=\"_blank\" rel=\"noreferrer noopener\">Salon des Formations de l\u2019Audiovisuel et du Cin\u00e9ma<\/a>&nbsp;[Studyrama]<br>samedi 15 novembre 2025<br>Paris Event Center &#8211; PARIS<\/p>\n\n\n\n<p><a href=\"https:\/\/www.studyrama.com\/salons\/salon-studyrama-des-formations-sante-paramedical-45\" target=\"_blank\" rel=\"noreferrer noopener\">Salon des Formations Sant\u00e9, Param\u00e9dical et Social<\/a>&nbsp;[Studyrama]<br>samedi 15 novembre 2025<br>Paris Event Center &#8211; PARIS<\/p>\n\n\n\n<p><a href=\"https:\/\/salon-education.com\/\" target=\"_blank\" rel=\"noreferrer noopener\">Salon europ\u00e9en de l&#8217;\u00e9ducation<\/a>&nbsp;[la ligue de l&#8217;enseignement]<br>du mercredi 19 au dimanche 23 novembre 2025<br>Porte de Versailles &#8211; PARIS<\/p>\n\n\n\n<p><a href=\"https:\/\/salon-de-l-etudiant-paris-saclay.salon.letudiant.fr\/\" target=\"_blank\" rel=\"noreferrer noopener\">Salon de l&#8217;Etudiant de Paris-Saclay<\/a>&nbsp;[l&#8217;Etudiant]<br>samedi 29 novembre 2025<br>Chateauform&#8217; Palais des Congr\u00e8s Paris Saclay &#8211; MASSY-PALAISEAU<\/p>\n\n\n\n<p><a href=\"https:\/\/www.studyrama.com\/salons\/salon-studyrama-des-formations-web-et-informatique-44\" target=\"_blank\" rel=\"noreferrer noopener\">Salon des Formations du Digital, Num\u00e9rique &amp; de l\u2019IA<\/a>&nbsp;[Studyrama]<br>samedi 29 novembre 2025<br>Paris Event Center &#8211; PARIS<\/p>\n\n\n\n<p><a href=\"https:\/\/www.studyrama.com\/salons\/salon-studyrama-sup-alternance-paris-251164\" target=\"_blank\" rel=\"noreferrer noopener\">Salon Alternance et Apprentissage<\/a>&nbsp;[Studyrama]<br>samedi 29 novembre 2025<br>Paris&nbsp;Event&nbsp;Center &#8211; PARIS<\/p>\n\n\n\n<p><a href=\"https:\/\/www.studyrama.com\/salons\/salon-studyrama-de-la-rentree-de-janvier-et-fevrier-67\" target=\"_blank\" rel=\"noreferrer noopener\">Salon de la R\u00e9orientation (rentr\u00e9e d\u00e9cal\u00e9e)<\/a>&nbsp;[Studyrama]<br>samedi 29 novembre 2025<br>Paris Event Center &#8211; PARIS<\/p>\n\n\n\n<h2 class=\"wp-block-heading\" id=\"summary-item-3\">D\u00e9cembre 2025<\/h2>\n\n\n\n<p><a href=\"https:\/\/www.studyrama.com\/salons\/salon-studyrama-des-formations-commerciales-marketing-43\" target=\"_blank\" rel=\"noreferrer noopener\">Salon des Formations Commerciales, Marketing<\/a>&nbsp;[Studyrama]<br>samedi 6 d\u00e9cembre 2025<br>Paris&nbsp;Event&nbsp;Center &#8211; PARIS<\/p>\n\n\n\n<p><a href=\"https:\/\/www.studyrama.com\/salons\/salon-studyrama-des-formations-immobilieres-et-btp-de-172\" target=\"_blank\" rel=\"noreferrer noopener\">Salon des Formations Immobili\u00e8res &#8211; Travaux Publics<\/a>&nbsp;[Studyrama]<br>samedi 6 d\u00e9cembre 2025<br>Paris&nbsp;Event&nbsp;Center &#8211; PARIS<\/p>\n\n\n\n<p><a href=\"https:\/\/www.studyrama.com\/salons\/salon-studyrama-des-formations-en-agroalimentaire-et-193\" target=\"_blank\" rel=\"noreferrer noopener\">Salon des Formations Agroalimentaire, Transition \u00c9cologique, \u00c9nergie<\/a>&nbsp;[Studyrama]<br>samedi 6 d\u00e9cembre 2025<br>Paris&nbsp;Event&nbsp;Center &#8211; PARIS<\/p>\n\n\n\n<p><a href=\"https:\/\/www.studyrama.com\/salons\/salon-studyrama-des-formations-banque-finance-126\" target=\"_blank\" rel=\"noreferrer noopener\">Salon des Formations Banque, Finance, Assurance et Comptabilit\u00e9<\/a>&nbsp;[Studyrama]<br>samedi 6 d\u00e9cembre 2025<br>Paris&nbsp;Event&nbsp;Center &#8211; PARIS<\/p>\n\n\n\n<p><a href=\"https:\/\/salon-jeux-video-et-cinema-d-animation-paris.salon.letudiant.fr\/\" target=\"_blank\" rel=\"noreferrer noopener\">Salon jeux vid\u00e9o et cin\u00e9ma d&#8217;animation<\/a>&nbsp;[l&#8217;Etudiant]<br>samedi 13 d\u00e9cembre 2025<br>Espace Champerret &#8211; PARIS<\/p>\n\n\n\n<p><a href=\"https:\/\/salon-informatique-numerique-cybersecurite-data-et-ia-paris.salon.letudiant.fr\/\" target=\"_blank\" rel=\"noreferrer noopener\">Salon informatique, num\u00e9rique, cyber-s\u00e9curit\u00e9, data et IA<\/a>&nbsp;[l&#8217;Etudiant]<br>samedi 13 d\u00e9cembre 2025<br>Espace Champerret &#8211; PARIS<\/p>\n\n\n\n<p><a href=\"https:\/\/www.letudiant.fr\/etudes\/salons.html\" target=\"_blank\" rel=\"noreferrer noopener\">Salon finance, droit et RH<\/a>&nbsp;[l&#8217;Etudiant]<br>samedi 13 d\u00e9cembre 2025<br>Espace&nbsp;Champerret&nbsp;&#8211; PARIS<\/p>\n\n\n\n<p><a href=\"https:\/\/salon-concours-et-prepas-paris.salon.letudiant.fr\/\" target=\"_blank\" rel=\"noreferrer noopener\">Salon concours et pr\u00e9pas<\/a>&nbsp;[l&#8217;Etudiant]<br>samedi 13 d\u00e9cembre 2025<br>Espace Champerret &#8211; PARIS<\/p>\n\n\n\n<p><a href=\"https:\/\/www.studyrama.com\/salons\/salon-studyrama-de-la-poursuite-d-etudes-apres-un-bac-32\" target=\"_blank\" rel=\"noreferrer noopener\">Salon&nbsp; Poursuite \u00c9tudes et Masters<\/a>&nbsp;[Studyrama]<br>samedi 13 d\u00e9cembre 2025<br>Cit\u00e9 internationale universitaire &#8211; PARIS<\/p>\n\n\n\n<p><a href=\"https:\/\/www.studyrama.com\/salons\/salon-studyrama-des-formations-rh-paris-175\" target=\"_blank\" rel=\"noreferrer noopener\">Salon des Formations en RH<\/a>&nbsp;[Studyrama]<br>samedi 13 d\u00e9cembre 2025<br>Cit\u00e9 internationale universitaire &#8211; PARIS<\/p>\n\n\n\n<h2 class=\"wp-block-heading\" id=\"summary-item-4\">Janvier 2026<\/h2>\n\n\n\n<p><a href=\"https:\/\/www.reussirpostbac.fr\/\" target=\"_blank\" rel=\"noreferrer noopener\">Salon&nbsp;postbac<\/a>&nbsp;[AEF]<br>vendredi 9 et samedi 10 janvier 2026<br>Grande Halle de la&nbsp;Villette&nbsp;&#8211; PARIS<\/p>\n\n\n\n<p><a href=\"https:\/\/salon-masters-ms-et-mba-paris.salon.letudiant.fr\/\" target=\"_blank\" rel=\"noreferrer noopener\">Salon masters, MS et MBA en France et \u00e0 l&#8217;international<\/a>&nbsp;[l&#8217;Etudiant]<br>samedi 17 janvier 2026<br>Palais des Congr\u00e8s &#8211; PARIS<\/p>\n\n\n\n<p><a href=\"https:\/\/salon-de-l-etudiant-en-val-d-oise-cergy-pontoise.salon.letudiant.fr\/\" target=\"_blank\" rel=\"noreferrer noopener\">Salon de l&#8217;Etudiant en Val d&#8217;Oise<\/a>&nbsp;[l&#8217;Etudiant]<br>samedi 17 janvier 2026<br>CY Cergy Paris Universit\u00e9 &#8211; CERGY-PONTOISE<\/p>\n\n\n\n<p><a href=\"https:\/\/salon-de-l-etudiant-en-yvelines-saint-quentin-en-yvelines.salon.letudiant.fr\/\" target=\"_blank\" rel=\"noreferrer noopener\">Salon de l&#8217;Etudiant en Yvelines<\/a>&nbsp;[l&#8217;Etudiant]<br>samedi 17 janvier 2026<br>V\u00e9lodrome National &#8211; SAINT-QUENTIN-EN-YVELINES<\/p>\n\n\n\n<p><a href=\"https:\/\/www.studyrama.com\/salons\/salon-studyrama-des-formations-automobiles-134\" target=\"_blank\" rel=\"noreferrer noopener\">Salon des Formations A\u00e9ronautiques, Automobiles, Ferroviaires et Navales et Logistique<\/a>&nbsp;[Studyrama]<br>samedi 17 janvier 2026<br>Espace Champerret &#8211; PARIS<\/p>\n\n\n\n<p><a href=\"https:\/\/www.studyrama.com\/salons\/salon-studyrama-des-formations-tourisme-hotellerie-46\" target=\"_blank\" rel=\"noreferrer noopener\">Salon des Formations en Tourisme, H\u00f4tellerie-Restauration<\/a>&nbsp;[Studyrama]<br>samedi 17 janvier 2026<br>Espace&nbsp;Champerret&nbsp;&#8211; PARIS<\/p>\n\n\n\n<p><a href=\"https:\/\/www.studyrama.com\/salons\/salon-studyrama-des-formations-gaming-et-coding-paris-201\" target=\"_blank\" rel=\"noreferrer noopener\">Salon des Formations Coding &amp; Informatique<\/a>&nbsp;[Studyrama]<br>samedi 17 janvier 2026<br>Espace&nbsp;Champerret&nbsp;&#8211; PARIS<\/p>\n\n\n\n<p><a href=\"https:\/\/www.studyrama.com\/salons\/salon-studyrama-des-formations-du-sport-et-de-la-97\" target=\"_blank\" rel=\"noreferrer noopener\">Salon Formations Sport<\/a>&nbsp;[Studyrama]<br>samedi 17 janvier 2026<br>Espace&nbsp;Champerret&nbsp;&#8211; PARIS<\/p>\n\n\n\n<p><a href=\"https:\/\/www.studyrama.com\/salons\/salon-studyrama-des-sejours-linguistiques-culturels-et-176\" target=\"_blank\" rel=\"noreferrer noopener\">Salon des S\u00e9jours Linguistiques, Culturels et Th\u00e9matiques<\/a>&nbsp;[Studyrama]<br>samedi 17 janvier 2026<br>Espace&nbsp;Champerret&nbsp;&#8211; PARIS<\/p>\n\n\n\n<p><a href=\"https:\/\/www.studyrama.com\/salons\/salon-studyrama-des-metiers-defense-et-cybersecurite-125\" target=\"_blank\" rel=\"noreferrer noopener\">Salon Formations M\u00e9tiers D\u00e9fense, Cybers\u00e9curit\u00e9<\/a>&nbsp;[Studyrama]<br>samedi 17 janvier 2026<br>Espace&nbsp;Champerret&nbsp;&#8211; PARIS<\/p>\n\n\n\n<p><a href=\"https:\/\/www.studyrama.com\/salons\/salon-studyrama-des-bts-de-paris-339489\" target=\"_blank\" rel=\"noreferrer noopener\">Salon BTS et Bachelors<\/a>&nbsp;[Studyrama]<br>samedi 24 janvier 2026<br>Espace&nbsp;Champerret&nbsp;&#8211; PARIS<\/p>\n\n\n\n<p><a href=\"https:\/\/www.studyrama.com\/salons\/salon-studyrama-sup-alternance-de-paris-221\" target=\"_blank\" rel=\"noreferrer noopener\">Salon Studyrama Sup\u2019Alternance et Apprentissage<\/a>&nbsp;[Studyrama]<br>samedi 24 janvier 2026<br>Espace&nbsp;Champerret&nbsp;&#8211; PARIS<\/p>\n\n\n\n<p><a href=\"https:\/\/salon-de-l-etudiant-en-ile-de-france-paris.salon.letudiant.fr\/\" target=\"_blank\" rel=\"noreferrer noopener\">Salon de l&#8217;Etudiant en \u00cele-de-France<\/a>&nbsp;[l&#8217;Etudiant]<br>du vendredi 30 janvier au dimanche 1er f\u00e9vrier 2026<br>Porte de Versailles &#8211; PARIS<\/p>\n\n\n\n<h2 class=\"wp-block-heading\" id=\"summary-item-5\">F\u00e9vrier 2026<\/h2>\n\n\n\n<p><a href=\"https:\/\/www.studyrama.com\/salons\/salon-des-masters-1-et-2-masteres-specialises-mba-paris-special-rentree-48\" target=\"_blank\" rel=\"noreferrer noopener\">Salon Studyrama des Masters 1 et 2, Mast\u00e8res sp\u00e9cialis\u00e9s et MBA<\/a>&nbsp;[Studyrama]<br>samedi 14 f\u00e9vrier 2026<br>Cit\u00e9 internationale universitaire &#8211; PARIS<\/p>\n\n\n\n<h2 class=\"wp-block-heading\" id=\"summary-item-6\">Mars 2026<\/h2>\n\n\n\n<p><a href=\"https:\/\/salon-formations-et-recrutement-en-alternance-paris.salon.letudiant.fr\/\" target=\"_blank\" rel=\"noreferrer noopener\">Salon formations et recrutement en alternance<\/a>&nbsp;[l&#8217;Etudiant]<br>vendredi 13 et samedi 14 mars 2026<br>Porte de Versailles &#8211; PARIS<\/p>\n\n\n\n<h2 class=\"wp-block-heading\" id=\"summary-item-7\">Juin 2026<\/h2>\n\n\n\n<p><a href=\"https:\/\/salon-cap-sur-la-rentree-paris.salon.letudiant.fr\/\" target=\"_blank\" rel=\"noreferrer noopener\">Salon Cap sur la rentr\u00e9e<\/a>&nbsp;[l&#8217;Etudiant]<br>samedi 20 juin 2026<br>Espace Champerret &#8211; PARIS<\/p>\n\n\n\n<p><a href=\"https:\/\/www.studyrama.com\/salons\/salon-des-etudes-superieures-de-paris-ou-s-inscrire-encore-251403\" target=\"_blank\" rel=\"noreferrer noopener\">Salon des \u00c9tudes Sup\u00e9rieures &#8211; O\u00f9 s\u2019inscrire encore ?<\/a>&nbsp;[Studyrama]<br>samedi 20 juin 2026<br>Paris&nbsp;Event&nbsp;Center &#8211; PARIS<\/p>\n\n\n\n<p><a href=\"https:\/\/www.studyrama.com\/salons\/salon-studyrama-sup-alternance-et-apprentissage-special-rentree-251399\" target=\"_blank\" rel=\"noreferrer noopener\">Salon Sup\u2019Alternance et Apprentissage &#8211; sp\u00e9cial rentr\u00e9e<\/a>&nbsp;[Studyrama]<br>samedi 20 juin 2026<br>Paris&nbsp;Event&nbsp;Center &#8211; PARIS<\/p>\n\n\n\n<p><\/p>\n","protected":false},"excerpt":{"rendered":"<p>Comme chaque ann\u00e9e les salons de l\u2019orientation en partenariat avec l\u2019Etudiant proposent des rencontres pour pr\u00e9parer l\u2019orientation future des \u00e9l\u00e8ves. Vous trouverez ci-dessous les dates des diff\u00e9rents salons d\u2019Ile-de-France. (L\u2019article sera mis \u00e0 jour r\u00e9guli\u00e8rement). Vous pouvez \u00e9galement consulter les dates des salons et des Portes ouvertes et trouver des informations sur les diff\u00e9rentes \u00e9coles [&hellip;]<\/p>\n","protected":false},"author":1,"featured_media":0,"parent":0,"menu_order":0,"comment_status":"closed","ping_status":"closed","template":"","meta":{"footnotes":""},"class_list":["post-2252","page","type-page","status-publish","hentry"],"_links":{"self":[{"href":"https:\/\/lyceedelessouriau.fr\/index.php\/wp-json\/wp\/v2\/pages\/2252","targetHints":{"allow":["GET"]}}],"collection":[{"href":"https:\/\/lyceedelessouriau.fr\/index.php\/wp-json\/wp\/v2\/pages"}],"about":[{"href":"https:\/\/lyceedelessouriau.fr\/index.php\/wp-json\/wp\/v2\/types\/page"}],"author":[{"embeddable":true,"href":"https:\/\/lyceedelessouriau.fr\/index.php\/wp-json\/wp\/v2\/users\/1"}],"replies":[{"embeddable":true,"href":"https:\/\/lyceedelessouriau.fr\/index.php\/wp-json\/wp\/v2\/comments?post=2252"}],"version-history":[{"count":11,"href":"https:\/\/lyceedelessouriau.fr\/index.php\/wp-json\/wp\/v2\/pages\/2252\/revisions"}],"predecessor-version":[{"id":3229,"href":"https:\/\/lyceedelessouriau.fr\/index.php\/wp-json\/wp\/v2\/pages\/2252\/revisions\/3229"}],"wp:attachment":[{"href":"https:\/\/lyceedelessouriau.fr\/index.php\/wp-json\/wp\/v2\/media?parent=2252"}],"curies":[{"name":"wp","href":"https:\/\/api.w.org\/{rel}","templated":true}]}}